{"id":2686,"date":"2020-12-16T18:04:57","date_gmt":"2020-12-16T18:04:57","guid":{"rendered":"http:\/\/www.shijak.gov.al\/?page_id=2686"},"modified":"2026-04-27T11:31:48","modified_gmt":"2026-04-27T11:31:48","slug":"projekt-vendimet","status":"publish","type":"page","link":"https:\/\/memaliaj.gov.al\/?page_id=2686","title":{"rendered":"Projekt vendime te Keshillit Bashkiak"},"content":{"rendered":"<p>[vc_row][vc_column][vc_column_text]\r\n<p>&nbsp;<\/p>\r\n<p>&nbsp;<\/p>\r\n<p><a href=\"https:\/\/memaliaj.gov.al\/wp-content\/uploads\/2026\/04\/Projekt-vendimet-e-muajit-Prill-2026.pdf\">Projekt vendimet e muajit Prill 2026<\/a><\/p>\r\n<p><a href=\"https:\/\/memaliaj.gov.al\/wp-content\/uploads\/2026\/04\/Projekt-vendimet-e-muajit-Mars.pdf\">Projekt vendimet e muajit Mars<\/a><\/p>\r\n<p><a href=\"https:\/\/memaliaj.gov.al\/wp-content\/uploads\/2026\/04\/Vendimi-per-miratimin-e-rendit-te-dites-per-daten-30-mars-2026.pdf\">Vendimi p\u00ebr miratimin e rendit t\u00eb dit\u00ebs p\u00ebr dat\u00ebn 30 mars 2026<\/a><\/p>\r\n<p><a href=\"https:\/\/memaliaj.gov.al\/wp-content\/uploads\/2026\/02\/Projekt-vendimet-e-muajit-Shkurt-2026.pdf\">Projekt vendimet e muajit Shkurt 2026<\/a><\/p>\r\n<p><a href=\"https:\/\/memaliaj.gov.al\/wp-content\/uploads\/2026\/02\/Projekt-vendim-Per-miratimin-e-pageses-mujore-te-faturave-te-energjise-elektrike-dhe-ujit-per-Znj.-Ylema-Dulaj.pdf\">Projekt vendim \u201cP\u00ebr miratimin e pages\u00ebs mujore t\u00eb faturave t\u00eb energjis\u00eb elektrike dhe ujit p\u00ebr Znj. Ylema Dulaj\u201d.<\/a><\/p>\r\n<p><a href=\"https:\/\/memaliaj.gov.al\/wp-content\/uploads\/2026\/02\/Projekt-vendim-Per-dhenien-e-ndihmes-ekonomike-fondi-i-kushtezuar-6_-i-bllok-ndihmes-ekonomike-per-muajin-janar-2025.pdf\">Projekt vendim \u201cP\u00ebr dh\u00ebnien e ndihm\u00ebs ekonomike (fondi i kusht\u00ebzuar 6_ i bllok-ndihm\u00ebs ekonomike) p\u00ebr muajin janar 2025\u201d.<\/a><\/p>\r\n<p><a href=\"https:\/\/memaliaj.gov.al\/wp-content\/uploads\/2026\/01\/Memaliaj-Projektvendimet-Janar-2026-1.pdf\">Memaliaj Projektvendimet Janar 2026<\/a><\/p>\r\n<p><a href=\"https:\/\/memaliaj.gov.al\/wp-content\/uploads\/2026\/01\/Memaliaj-Projektvendimet-Janar-2026.pdf\">Memaliaj Projektvendimet Janar 2026<\/a><\/p>\r\n<p><a href=\"https:\/\/memaliaj.gov.al\/wp-content\/uploads\/2025\/12\/Vendimi-i-kryesise-1.pdf\">Vendimi i kryesis\u00eb-1<\/a><\/p>\r\n\r\n<div data-wp-interactive=\"core\/file\" class=\"wp-block-file\"><a href=\"https:\/\/memaliaj.gov.al\/wp-content\/uploads\/2025\/12\/Relacion.Per-miratimin-e-taksave-dhe-tarifave-vendore.pdf\">Relacion.P\u00ebr miratimin e taksave dhe tarifave vendore.<\/a><\/div>\r\n<div>\u00a0<\/div>\r\n<div class=\"wp-block-file\"><a href=\"https:\/\/memaliaj.gov.al\/wp-content\/uploads\/2025\/12\/Relacion-Per-miratimin-e-buxhetit-per-vitin-2026-1-1.pdf\">Relacion P\u00ebr miratimin e buxhetit p\u00ebr vitin 2026-1<\/a><\/div>\r\n<div>\u00a0<\/div>\r\n<div><a href=\"https:\/\/memaliaj.gov.al\/wp-content\/uploads\/2025\/12\/projekt-vendim.-Per-miratimin-e-taksave-dhe-tarifave-vendore.-1.pdf\">projekt vendim. P\u00ebr miratimin e taksave dhe tarifave vendore.-1<\/a><\/div>\r\n<div>\u00a0<\/div>\r\n<div class=\"wp-block-file\"><a href=\"https:\/\/memaliaj.gov.al\/wp-content\/uploads\/2025\/12\/Projekt-vendim.-Per-miratimin-e-buxhetit-per-vitin-2026-1-1.pdf\">Projekt vendim. P\u00ebr miratimin e buxhetit p\u00ebr vitin 2026-1<\/a><\/div>\r\n<div>\u00a0<\/div>\r\n<div class=\"wp-block-file\"><a href=\"https:\/\/memaliaj.gov.al\/wp-content\/uploads\/2025\/12\/Projekt-buxhet-final-1-2.pdf\">Projekt buxhet final-1<\/a><\/div>\r\n<p><a href=\"https:\/\/memaliaj.gov.al\/wp-content\/uploads\/2025\/12\/Relacion-Per-miratimin-e-buxhetit-per-vitin-2026-1.pdf\">Relacion P\u00ebr miratimin e buxhetit p\u00ebr vitin 2026<\/a><\/p>\r\n<div class=\"wp-block-file\"><a href=\"https:\/\/memaliaj.gov.al\/wp-content\/uploads\/2025\/12\/projekt-vendim.-Per-miratimin-e-taksave-dhe-tarifave-vendore-1.pdf\">projekt vendim. P\u00ebr miratimin e taksave dhe tarifave vendore.<\/a><\/div>\r\n<div>\u00a0<\/div>\r\n<div><a href=\"https:\/\/memaliaj.gov.al\/wp-content\/uploads\/2025\/12\/Projekt-buxhet-final-1.pdf\">Projekt buxhet final<\/a><\/div>\r\n<div>\u00a0<\/div>\r\n<div><a href=\"https:\/\/memaliaj.gov.al\/wp-content\/uploads\/2025\/12\/Relacion-Per-miratimin-e-buxhetit-per-vitin-2026.pdf\">Relacion P\u00ebr miratimin e buxhetit p\u00ebr vitin 2026<\/a><\/div>\r\n<div>\u00a0<\/div>\r\n<div><a href=\"https:\/\/memaliaj.gov.al\/wp-content\/uploads\/2025\/12\/projekt-vendim.-Per-miratimin-e-taksave-dhe-tarifave-vendore.pdf\">projekt vendim. P\u00ebr miratimin e taksave dhe tarifave vendore.<\/a><\/div>\r\n<div>\u00a0<\/div>\r\n<div><a href=\"https:\/\/memaliaj.gov.al\/wp-content\/uploads\/2025\/12\/Projekt-vendim.-Per-miratimin-e-buxhetit-per-vitin-2026.pdf\">Projekt vendim. P\u00ebr miratimin e buxhetit p\u00ebr vitin 2026<\/a><\/div>\r\n<div>\u00a0<\/div>\r\n<div class=\"wp-block-file\"><a href=\"https:\/\/memaliaj.gov.al\/wp-content\/uploads\/2025\/12\/relacion-per-pranimin-ne-shtepine-e-te-moshuarve-per-Znj.Hazbie-Xifa.pdf\">relacion p\u00ebr pranimin n\u00eb sht\u00ebpin\u00eb e t\u00eb moshuarve p\u00ebr Znj.Hazbie Xifa<\/a><\/div>\r\n<div>\u00a0<\/div>\r\n<div>\u00a0<\/div>\r\n<div>\u00a0<\/div>\r\n<div class=\"wp-block-file\"><object data-wp-bind--hidden=\"!state.hasPdfPreview\"  class=\"wp-block-file__embed\" style=\"width: 100%; height: 600px;\" data=\"https:\/\/memaliaj.gov.al\/wp-content\/uploads\/2026\/01\/Memaliaj-Projektvendimet-Janar-2026-1.pdf\" type=\"application\/pdf\" width=\"300\" height=\"150\" aria-label=\"Embed of Memaliaj Projektvendimet Janar 2026.\"><\/object><a id=\"wp-block-file--media-c00dd94d-6891-4ed9-95d2-a5442e7a2409\" href=\"https:\/\/memaliaj.gov.al\/wp-content\/uploads\/2026\/01\/Memaliaj-Projektvendimet-Janar-2026-1.pdf\">Memaliaj Projektvendimet Janar 2026<\/a><a class=\"wp-block-file__button wp-element-button\" href=\"https:\/\/memaliaj.gov.al\/wp-content\/uploads\/2026\/01\/Memaliaj-Projektvendimet-Janar-2026-1.pdf\" download=\"\" aria-describedby=\"wp-block-file--media-c00dd94d-6891-4ed9-95d2-a5442e7a2409\">Download<\/a><\/div>\r\n\r\n<p>&nbsp;<\/p>\r\n\r\n<div data-wp-interactive=\"core\/file\" class=\"wp-block-file\"><object data-wp-bind--hidden=\"!state.hasPdfPreview\" hidden class=\"wp-block-file__embed\" style=\"width: 100%; height: 600px;\" data=\"https:\/\/memaliaj.gov.al\/wp-content\/uploads\/2025\/12\/Vendimi-i-kryesise-1.pdf\" type=\"application\/pdf\" width=\"300\" height=\"150\" aria-label=\"Embed of Vendimi i kryesis\u00eb-1.\"><\/object><a id=\"wp-block-file--media-7a7ce07a-ae7b-4716-8c69-d83fe1fb4abc\" href=\"https:\/\/memaliaj.gov.al\/wp-content\/uploads\/2025\/12\/Vendimi-i-kryesise-1.pdf\">Vendimi i kryesis\u00eb-1<\/a><a class=\"wp-block-file__button wp-element-button\" href=\"https:\/\/memaliaj.gov.al\/wp-content\/uploads\/2025\/12\/Vendimi-i-kryesise-1.pdf\" download=\"\" aria-describedby=\"wp-block-file--media-7a7ce07a-ae7b-4716-8c69-d83fe1fb4abc\">Download<\/a><\/div>\r\n\r\n<p>&nbsp;<\/p>\r\n\r\n<div data-wp-interactive=\"core\/file\" class=\"wp-block-file\"><object data-wp-bind--hidden=\"!state.hasPdfPreview\" hidden class=\"wp-block-file__embed\" style=\"width: 100%; height: 600px;\" data=\"https:\/\/memaliaj.gov.al\/wp-content\/uploads\/2025\/12\/Relacion.Per-miratimin-e-taksave-dhe-tarifave-vendore.pdf\" type=\"application\/pdf\" width=\"300\" height=\"150\" aria-label=\"Embed of Relacion.P\u00ebr miratimin e taksave dhe tarifave vendore..\"><\/object><a id=\"wp-block-file--media-14d3ea9e-4b1d-4405-ac71-cfa713f2a5d5\" href=\"https:\/\/memaliaj.gov.al\/wp-content\/uploads\/2025\/12\/Relacion.Per-miratimin-e-taksave-dhe-tarifave-vendore.pdf\">Relacion.P\u00ebr miratimin e taksave dhe tarifave vendore.<\/a><a class=\"wp-block-file__button wp-element-button\" href=\"https:\/\/memaliaj.gov.al\/wp-content\/uploads\/2025\/12\/Relacion.Per-miratimin-e-taksave-dhe-tarifave-vendore.pdf\" download=\"\" aria-describedby=\"wp-block-file--media-14d3ea9e-4b1d-4405-ac71-cfa713f2a5d5\">Download<\/a><\/div>\r\n<p><\/p>\r\n<p>&nbsp;<\/p>\r\n<p><\/p>\r\n<div data-wp-interactive=\"core\/file\" class=\"wp-block-file\"><object data-wp-bind--hidden=\"!state.hasPdfPreview\" hidden class=\"wp-block-file__embed\" style=\"width: 100%; height: 600px;\" data=\"https:\/\/memaliaj.gov.al\/wp-content\/uploads\/2025\/12\/Relacion-Per-miratimin-e-buxhetit-per-vitin-2026-1.pdf\" type=\"application\/pdf\" width=\"300\" height=\"150\" aria-label=\"Embed of Relacion P\u00ebr miratimin e buxhetit p\u00ebr vitin 2026.\"><\/object><a id=\"wp-block-file--media-1035c672-8d0a-4af4-b2a0-371d37ac9556\" href=\"https:\/\/memaliaj.gov.al\/wp-content\/uploads\/2025\/12\/Relacion-Per-miratimin-e-buxhetit-per-vitin-2026-1.pdf\">Relacion P\u00ebr miratimin e buxhetit p\u00ebr vitin 2026<\/a><a class=\"wp-block-file__button wp-element-button\" href=\"https:\/\/memaliaj.gov.al\/wp-content\/uploads\/2025\/12\/Relacion-Per-miratimin-e-buxhetit-per-vitin-2026-1.pdf\" download=\"\" aria-describedby=\"wp-block-file--media-1035c672-8d0a-4af4-b2a0-371d37ac9556\">Download<\/a><\/div>\r\n<p><\/p>\r\n<p>&nbsp;<\/p>\r\n<p><\/p>\r\n<div data-wp-interactive=\"core\/file\" class=\"wp-block-file\"><object data-wp-bind--hidden=\"!state.hasPdfPreview\" hidden class=\"wp-block-file__embed\" style=\"width: 100%; height: 600px;\" data=\"https:\/\/memaliaj.gov.al\/wp-content\/uploads\/2025\/12\/projekt-vendim.-Per-miratimin-e-taksave-dhe-tarifave-vendore-1.pdf\" type=\"application\/pdf\" width=\"300\" height=\"150\" aria-label=\"Embed of projekt vendim. P\u00ebr miratimin e taksave dhe tarifave vendore..\"><\/object><a id=\"wp-block-file--media-43464548-ae42-4849-b40b-8d11a93b9934\" href=\"https:\/\/memaliaj.gov.al\/wp-content\/uploads\/2025\/12\/projekt-vendim.-Per-miratimin-e-taksave-dhe-tarifave-vendore-1.pdf\">projekt vendim. P\u00ebr miratimin e taksave dhe tarifave vendore.<\/a><a class=\"wp-block-file__button wp-element-button\" href=\"https:\/\/memaliaj.gov.al\/wp-content\/uploads\/2025\/12\/projekt-vendim.-Per-miratimin-e-taksave-dhe-tarifave-vendore-1.pdf\" download=\"\" aria-describedby=\"wp-block-file--media-43464548-ae42-4849-b40b-8d11a93b9934\">Download<\/a><\/div>\r\n<p><\/p>\r\n<p>&nbsp;<\/p>\r\n<p><\/p>\r\n<p>&nbsp;<\/p>\r\n<p><\/p>\r\n<div data-wp-interactive=\"core\/file\" class=\"wp-block-file\"><object data-wp-bind--hidden=\"!state.hasPdfPreview\" hidden class=\"wp-block-file__embed\" style=\"width: 100%; height: 600px;\" data=\"https:\/\/memaliaj.gov.al\/wp-content\/uploads\/2025\/12\/Projekt-vendim.-Per-miratimin-e-buxhetit-per-vitin-2026-1.pdf\" type=\"application\/pdf\" width=\"300\" height=\"150\" aria-label=\"Embed of Projekt vendim. P\u00ebr miratimin e buxhetit p\u00ebr vitin 2026.\"><\/object><a id=\"wp-block-file--media-f71ecf9d-77b4-4e98-ad32-398817a235c7\" href=\"https:\/\/memaliaj.gov.al\/wp-content\/uploads\/2025\/12\/Projekt-vendim.-Per-miratimin-e-buxhetit-per-vitin-2026-1.pdf\">Projekt vendim. P\u00ebr miratimin e buxhetit p\u00ebr vitin 2026<\/a><a class=\"wp-block-file__button wp-element-button\" href=\"https:\/\/memaliaj.gov.al\/wp-content\/uploads\/2025\/12\/Projekt-vendim.-Per-miratimin-e-buxhetit-per-vitin-2026-1.pdf\" download=\"\" aria-describedby=\"wp-block-file--media-f71ecf9d-77b4-4e98-ad32-398817a235c7\">Download<\/a><\/div>\r\n<p><\/p>\r\n<p>&nbsp;<\/p>\r\n<p><\/p>\r\n<p>&nbsp;<\/p>\r\n<p><\/p>\r\n<div data-wp-interactive=\"core\/file\" class=\"wp-block-file\"><object data-wp-bind--hidden=\"!state.hasPdfPreview\" hidden class=\"wp-block-file__embed\" style=\"width: 100%; height: 600px;\" data=\"https:\/\/memaliaj.gov.al\/wp-content\/uploads\/2025\/12\/Projekt-buxhet-final-1.pdf\" type=\"application\/pdf\" width=\"300\" height=\"150\" aria-label=\"Embed of Projekt buxhet final.\"><\/object><a id=\"wp-block-file--media-dbc26c98-dac8-42f6-bce0-15f383a24294\" href=\"https:\/\/memaliaj.gov.al\/wp-content\/uploads\/2025\/12\/Projekt-buxhet-final-1.pdf\">Projekt buxhet final<\/a><a class=\"wp-block-file__button wp-element-button\" href=\"https:\/\/memaliaj.gov.al\/wp-content\/uploads\/2025\/12\/Projekt-buxhet-final-1.pdf\" download=\"\" aria-describedby=\"wp-block-file--media-dbc26c98-dac8-42f6-bce0-15f383a24294\">Download<\/a><\/div>\r\n<p><\/p>\r\n<p>&nbsp;<\/p>\r\n<p><\/p>\r\n<div data-wp-interactive=\"core\/file\" class=\"wp-block-file\"><object data-wp-bind--hidden=\"!state.hasPdfPreview\" hidden class=\"wp-block-file__embed\" style=\"width: 100%; height: 600px;\" data=\"https:\/\/memaliaj.gov.al\/wp-content\/uploads\/2025\/09\/Projekt-vendim-date-21.08.2025-4.pdf\" type=\"application\/pdf\" width=\"300\" height=\"150\" aria-label=\"Embed of Projekt vendim date 21.08.2025.\"><\/object><a id=\"wp-block-file--media-f0db1472-5b88-412a-9bc1-6bdd74633fda\" href=\"https:\/\/memaliaj.gov.al\/wp-content\/uploads\/2025\/09\/Projekt-vendim-date-21.08.2025-4.pdf\">Projekt vendim date 21.08.2025<\/a><a class=\"wp-block-file__button wp-element-button\" href=\"https:\/\/memaliaj.gov.al\/wp-content\/uploads\/2025\/09\/Projekt-vendim-date-21.08.2025-4.pdf\" download=\"\" aria-describedby=\"wp-block-file--media-f0db1472-5b88-412a-9bc1-6bdd74633fda\">Download<\/a><\/div>\r\n<p><\/p>\r\n<p>&nbsp;<\/p>\r\n<p><\/p>\r\n<div class=\"wp-block-file\"><a id=\"wp-block-file--media-8c2f036d-e390-43bb-883d-4b262beb3d9d\" href=\"https:\/\/memaliaj.gov.al\/wp-content\/uploads\/2025\/12\/Projektvendim-Buxheti-KB-2026.docx\">Projektvendim -Buxheti KB 2026<\/a><a class=\"wp-block-file__button wp-element-button\" href=\"https:\/\/memaliaj.gov.al\/wp-content\/uploads\/2025\/12\/Projektvendim-Buxheti-KB-2026.docx\" download=\"\" aria-describedby=\"wp-block-file--media-8c2f036d-e390-43bb-883d-4b262beb3d9d\">Download<\/a><\/div>\r\n<p><\/p>\r\n<p>&nbsp;<\/p>\r\n<p><\/p>\r\n<div data-wp-interactive=\"core\/file\" class=\"wp-block-file\"><object data-wp-bind--hidden=\"!state.hasPdfPreview\" hidden class=\"wp-block-file__embed\" style=\"width: 100%; height: 600px;\" data=\"https:\/\/memaliaj.gov.al\/wp-content\/uploads\/2025\/12\/Vendim-nr-14-date-03.12.2025.pdf\" type=\"application\/pdf\" width=\"300\" height=\"150\" aria-label=\"Embed of Vendim nr 14 date 03.12.2025.\"><\/object><a id=\"wp-block-file--media-d94e2d9b-50e5-4e26-9b46-060aae833712\" href=\"https:\/\/memaliaj.gov.al\/wp-content\/uploads\/2025\/12\/Vendim-nr-14-date-03.12.2025.pdf\">Vendim nr 14 date 03.12.2025<\/a><a class=\"wp-block-file__button wp-element-button\" href=\"https:\/\/memaliaj.gov.al\/wp-content\/uploads\/2025\/12\/Vendim-nr-14-date-03.12.2025.pdf\" download=\"\" aria-describedby=\"wp-block-file--media-d94e2d9b-50e5-4e26-9b46-060aae833712\">Download<\/a><\/div>\r\n<p><\/p>\r\n<p>&nbsp;<\/p>\r\n<p><\/p>\r\n<div class=\"wp-block-file\"><a id=\"wp-block-file--media-f43b8e8f-4c0e-44bf-812e-7597b939305f\" href=\"https:\/\/memaliaj.gov.al\/wp-content\/uploads\/2025\/12\/Projektvendim-Buxheti-KB-2026-.docx\">Projektvendim -Buxheti KB 2026 +<\/a><a class=\"wp-block-file__button wp-element-button\" href=\"https:\/\/memaliaj.gov.al\/wp-content\/uploads\/2025\/12\/Projektvendim-Buxheti-KB-2026-.docx\" download=\"\" aria-describedby=\"wp-block-file--media-f43b8e8f-4c0e-44bf-812e-7597b939305f\">Download<\/a><\/div>\r\n<p><\/p>\r\n<p>&nbsp;<\/p>\r\n<p><\/p>\r\n<div data-wp-interactive=\"core\/file\" class=\"wp-block-file\"><object data-wp-bind--hidden=\"!state.hasPdfPreview\" hidden class=\"wp-block-file__embed\" style=\"width: 100%; height: 600px;\" data=\"https:\/\/memaliaj.gov.al\/wp-content\/uploads\/2025\/12\/P.Vendim.Emertim-rruge.pdf\" type=\"application\/pdf\" width=\"300\" height=\"150\" aria-label=\"Embed of P.Vendim.Em\u00ebrtim rruge.\"><\/object><a id=\"wp-block-file--media-8939b556-2b9e-402c-b491-0ae5fafd36fb\" href=\"https:\/\/memaliaj.gov.al\/wp-content\/uploads\/2025\/12\/P.Vendim.Emertim-rruge.pdf\">P.Vendim.Em\u00ebrtim rruge<\/a><a class=\"wp-block-file__button wp-element-button\" href=\"https:\/\/memaliaj.gov.al\/wp-content\/uploads\/2025\/12\/P.Vendim.Emertim-rruge.pdf\" download=\"\" aria-describedby=\"wp-block-file--media-8939b556-2b9e-402c-b491-0ae5fafd36fb\">Download<\/a><\/div>\r\n<p><\/p>\r\n<p>&nbsp;<\/p>\r\n<p><\/p>\r\n<div data-wp-interactive=\"core\/file\" class=\"wp-block-file\"><object data-wp-bind--hidden=\"!state.hasPdfPreview\" hidden class=\"wp-block-file__embed\" style=\"width: 100%; height: 600px;\" data=\"https:\/\/memaliaj.gov.al\/wp-content\/uploads\/2025\/12\/P.Vendim.Emertim-rruge-1.pdf\" type=\"application\/pdf\" width=\"300\" height=\"150\" aria-label=\"Embed of P.Vendim.Em\u00ebrtim rruge.\"><\/object><a id=\"wp-block-file--media-2acd1589-ec08-4f9d-bb0f-71fbb75154df\" href=\"https:\/\/memaliaj.gov.al\/wp-content\/uploads\/2025\/12\/P.Vendim.Emertim-rruge-1.pdf\">P.Vendim.Em\u00ebrtim rruge<\/a><a class=\"wp-block-file__button wp-element-button\" href=\"https:\/\/memaliaj.gov.al\/wp-content\/uploads\/2025\/12\/P.Vendim.Emertim-rruge-1.pdf\" download=\"\" aria-describedby=\"wp-block-file--media-2acd1589-ec08-4f9d-bb0f-71fbb75154df\">Download<\/a><\/div>\r\n<p><\/p>\r\n<p>&nbsp;<\/p>\r\n<p><\/p>\r\n<div data-wp-interactive=\"core\/file\" class=\"wp-block-file\"><object data-wp-bind--hidden=\"!state.hasPdfPreview\" hidden class=\"wp-block-file__embed\" style=\"width: 100%; height: 600px;\" data=\"https:\/\/memaliaj.gov.al\/wp-content\/uploads\/2025\/12\/P.vendim.Fondi-6-per-muajin-Qershor-2025.pdf\" type=\"application\/pdf\" width=\"300\" height=\"150\" aria-label=\"Embed of P.vendim.Fondi 6% per muajin Qershor 2025.\"><\/object><a id=\"wp-block-file--media-77e3df92-8be6-46a1-83b6-cb933694e872\" href=\"https:\/\/memaliaj.gov.al\/wp-content\/uploads\/2025\/12\/P.vendim.Fondi-6-per-muajin-Qershor-2025.pdf\">P.vendim.Fondi 6% per muajin Qershor 2025<\/a><a class=\"wp-block-file__button wp-element-button\" href=\"https:\/\/memaliaj.gov.al\/wp-content\/uploads\/2025\/12\/P.vendim.Fondi-6-per-muajin-Qershor-2025.pdf\" download=\"\" aria-describedby=\"wp-block-file--media-77e3df92-8be6-46a1-83b6-cb933694e872\">Download<\/a><\/div>\r\n<p><\/p>\r\n<p>&nbsp;<\/p>\r\n<p><\/p>\r\n<div data-wp-interactive=\"core\/file\" class=\"wp-block-file\"><object data-wp-bind--hidden=\"!state.hasPdfPreview\" hidden class=\"wp-block-file__embed\" style=\"width: 100%; height: 600px;\" data=\"https:\/\/memaliaj.gov.al\/wp-content\/uploads\/2025\/12\/P.Vendim.Pranimi-ne-shtepine-e-te-moshuarve-per-Z.Serjan-Rapaj.pdf\" type=\"application\/pdf\" width=\"300\" height=\"150\" aria-label=\"Embed of P.Vendim.Pranimi n\u00eb sht\u00ebpin\u00eb e t\u00eb moshuarve p\u00ebr Z.Serjan Rapaj.\"><\/object><a id=\"wp-block-file--media-c1721db2-00c2-46ff-a382-35caab32bf19\" href=\"https:\/\/memaliaj.gov.al\/wp-content\/uploads\/2025\/12\/P.Vendim.Pranimi-ne-shtepine-e-te-moshuarve-per-Z.Serjan-Rapaj.pdf\">P.Vendim.Pranimi n\u00eb sht\u00ebpin\u00eb e t\u00eb moshuarve p\u00ebr Z.Serjan Rapaj<\/a><a class=\"wp-block-file__button wp-element-button\" href=\"https:\/\/memaliaj.gov.al\/wp-content\/uploads\/2025\/12\/P.Vendim.Pranimi-ne-shtepine-e-te-moshuarve-per-Z.Serjan-Rapaj.pdf\" download=\"\" aria-describedby=\"wp-block-file--media-c1721db2-00c2-46ff-a382-35caab32bf19\">Download<\/a><\/div>\r\n<p><\/p>\r\n<p>&nbsp;<\/p>\r\n<p><\/p>\r\n<div data-wp-interactive=\"core\/file\" class=\"wp-block-file\"><object data-wp-bind--hidden=\"!state.hasPdfPreview\" hidden class=\"wp-block-file__embed\" style=\"width: 100%; height: 600px;\" data=\"https:\/\/memaliaj.gov.al\/wp-content\/uploads\/2025\/12\/P.Vendim.Siperfaqet-e-pastrimit.pdf\" type=\"application\/pdf\" width=\"300\" height=\"150\" aria-label=\"Embed of P.Vendim.Sip\u00ebrfaqet e pastrimit.\"><\/object><a id=\"wp-block-file--media-d7142041-6f65-4b07-94a8-f34801cb0822\" href=\"https:\/\/memaliaj.gov.al\/wp-content\/uploads\/2025\/12\/P.Vendim.Siperfaqet-e-pastrimit.pdf\">P.Vendim.Sip\u00ebrfaqet e pastrimit<\/a><a class=\"wp-block-file__button wp-element-button\" href=\"https:\/\/memaliaj.gov.al\/wp-content\/uploads\/2025\/12\/P.Vendim.Siperfaqet-e-pastrimit.pdf\" download=\"\" aria-describedby=\"wp-block-file--media-d7142041-6f65-4b07-94a8-f34801cb0822\">Download<\/a><\/div>\r\n<p><\/p>\r\n<p>&nbsp;<\/p>\r\n<p><\/p>\r\n<div data-wp-interactive=\"core\/file\" class=\"wp-block-file\"><object data-wp-bind--hidden=\"!state.hasPdfPreview\" hidden class=\"wp-block-file__embed\" style=\"width: 100%; height: 600px;\" data=\"https:\/\/memaliaj.gov.al\/wp-content\/uploads\/2025\/12\/Projekt-vendime.Ndihma-ekonomike-muaji-korrik-gusht-shtator.pdf\" type=\"application\/pdf\" width=\"300\" height=\"150\" aria-label=\"Embed of Projekt vendime.Ndihma ekonomike muaji korrik-gusht-shtator..\"><\/object><a id=\"wp-block-file--media-650e25ca-318d-4d9f-9c98-27e251e774a1\" href=\"https:\/\/memaliaj.gov.al\/wp-content\/uploads\/2025\/12\/Projekt-vendime.Ndihma-ekonomike-muaji-korrik-gusht-shtator.pdf\">Projekt vendime.Ndihma ekonomike muaji korrik-gusht-shtator.<\/a><a class=\"wp-block-file__button wp-element-button\" href=\"https:\/\/memaliaj.gov.al\/wp-content\/uploads\/2025\/12\/Projekt-vendime.Ndihma-ekonomike-muaji-korrik-gusht-shtator.pdf\" download=\"\" aria-describedby=\"wp-block-file--media-650e25ca-318d-4d9f-9c98-27e251e774a1\">Download<\/a><\/div>\r\n<p><\/p>\r\n<p>&nbsp;<\/p>\r\n<p><\/p>\r\n<div data-wp-interactive=\"core\/file\" class=\"wp-block-file\"><object data-wp-bind--hidden=\"!state.hasPdfPreview\" hidden class=\"wp-block-file__embed\" style=\"width: 100%; height: 600px;\" data=\"https:\/\/memaliaj.gov.al\/wp-content\/uploads\/2025\/12\/Relacion-.Ndihma-ekonomike-muaji-korrik-gusht-shtator.pdf\" type=\"application\/pdf\" width=\"300\" height=\"150\" aria-label=\"Embed of Relacion .Ndihma ekonomike muaji korrik-gusht-shtator..\"><\/object><a id=\"wp-block-file--media-daf8d2ab-8ff6-406e-a10d-63b679dc4191\" href=\"https:\/\/memaliaj.gov.al\/wp-content\/uploads\/2025\/12\/Relacion-.Ndihma-ekonomike-muaji-korrik-gusht-shtator.pdf\">Relacion .Ndihma ekonomike muaji korrik-gusht-shtator.<\/a><a class=\"wp-block-file__button wp-element-button\" href=\"https:\/\/memaliaj.gov.al\/wp-content\/uploads\/2025\/12\/Relacion-.Ndihma-ekonomike-muaji-korrik-gusht-shtator.pdf\" download=\"\" aria-describedby=\"wp-block-file--media-daf8d2ab-8ff6-406e-a10d-63b679dc4191\">Download<\/a><\/div>\r\n<p><\/p>\r\n<p>&nbsp;<\/p>\r\n<p><\/p>\r\n<div data-wp-interactive=\"core\/file\" class=\"wp-block-file\"><object data-wp-bind--hidden=\"!state.hasPdfPreview\" hidden class=\"wp-block-file__embed\" style=\"width: 100%; height: 600px;\" data=\"https:\/\/memaliaj.gov.al\/wp-content\/uploads\/2025\/12\/Relacion-per-pranimin-ne-shtepine-e-te-moshuarve-Z.pdf\" type=\"application\/pdf\" width=\"300\" height=\"150\" aria-label=\"Embed of Relacion p\u00ebr pranimin n\u00eb sht\u00ebpin\u00eb e t\u00eb moshuarve Z..\"><\/object><a id=\"wp-block-file--media-b51704b4-af33-4808-a925-c0e64d2acd04\" href=\"https:\/\/memaliaj.gov.al\/wp-content\/uploads\/2025\/12\/Relacion-per-pranimin-ne-shtepine-e-te-moshuarve-Z.pdf\">Relacion p\u00ebr pranimin n\u00eb sht\u00ebpin\u00eb e t\u00eb moshuarve Z.<\/a><a class=\"wp-block-file__button wp-element-button\" href=\"https:\/\/memaliaj.gov.al\/wp-content\/uploads\/2025\/12\/Relacion-per-pranimin-ne-shtepine-e-te-moshuarve-Z.pdf\" download=\"\" aria-describedby=\"wp-block-file--media-b51704b4-af33-4808-a925-c0e64d2acd04\">Download<\/a><\/div>\r\n<p><\/p>\r\n<p>&nbsp;<\/p>\r\n<p><\/p>\r\n<div data-wp-interactive=\"core\/file\" class=\"wp-block-file\"><object data-wp-bind--hidden=\"!state.hasPdfPreview\" hidden class=\"wp-block-file__embed\" style=\"width: 100%; height: 600px;\" data=\"https:\/\/memaliaj.gov.al\/wp-content\/uploads\/2025\/12\/Relacion-per-pranimin-ne-shtepine-e-te-moshuarve-per-Znj.Dylbere-Hasanaj.pdf\" type=\"application\/pdf\" width=\"300\" height=\"150\" aria-label=\"Embed of Relacion p\u00ebr pranimin n\u00eb sht\u00ebpin\u00eb e t\u00eb moshuarve p\u00ebr Znj.Dylbere Hasanaj.\"><\/object><a id=\"wp-block-file--media-85cd5a36-822f-4ced-955f-48f9d16d5bc2\" href=\"https:\/\/memaliaj.gov.al\/wp-content\/uploads\/2025\/12\/Relacion-per-pranimin-ne-shtepine-e-te-moshuarve-per-Znj.Dylbere-Hasanaj.pdf\">Relacion p\u00ebr pranimin n\u00eb sht\u00ebpin\u00eb e t\u00eb moshuarve p\u00ebr Znj.Dylbere Hasanaj<\/a><a class=\"wp-block-file__button wp-element-button\" href=\"https:\/\/memaliaj.gov.al\/wp-content\/uploads\/2025\/12\/Relacion-per-pranimin-ne-shtepine-e-te-moshuarve-per-Znj.Dylbere-Hasanaj.pdf\" download=\"\" aria-describedby=\"wp-block-file--media-85cd5a36-822f-4ced-955f-48f9d16d5bc2\">Download<\/a><\/div>\r\n<p><\/p>\r\n<p>&nbsp;<\/p>\r\n<p><\/p>\r\n<div data-wp-interactive=\"core\/file\" class=\"wp-block-file\"><object data-wp-bind--hidden=\"!state.hasPdfPreview\" hidden class=\"wp-block-file__embed\" style=\"width: 100%; height: 600px;\" data=\"https:\/\/memaliaj.gov.al\/wp-content\/uploads\/2025\/12\/relacion-per-pranimin-ne-shtepine-e-te-moshuarve-per-Znj.Hazbie-Xifa.pdf\" type=\"application\/pdf\" width=\"300\" height=\"150\" aria-label=\"Embed of relacion p\u00ebr pranimin n\u00eb sht\u00ebpin\u00eb e t\u00eb moshuarve p\u00ebr Znj.Hazbie Xifa.\"><\/object><a id=\"wp-block-file--media-cbb50347-2185-4924-83c7-f31fa23f189d\" href=\"https:\/\/memaliaj.gov.al\/wp-content\/uploads\/2025\/12\/relacion-per-pranimin-ne-shtepine-e-te-moshuarve-per-Znj.Hazbie-Xifa.pdf\">relacion p\u00ebr pranimin n\u00eb sht\u00ebpin\u00eb e t\u00eb moshuarve p\u00ebr Znj.Hazbie Xifa<\/a><a class=\"wp-block-file__button wp-element-button\" href=\"https:\/\/memaliaj.gov.al\/wp-content\/uploads\/2025\/12\/relacion-per-pranimin-ne-shtepine-e-te-moshuarve-per-Znj.Hazbie-Xifa.pdf\" download=\"\" aria-describedby=\"wp-block-file--media-cbb50347-2185-4924-83c7-f31fa23f189d\">Download<\/a><\/div>\r\n<p><\/p>\r\n<p>&nbsp;<\/p>\r\n<p><\/p>\r\n<div data-wp-interactive=\"core\/file\" class=\"wp-block-file\"><object data-wp-bind--hidden=\"!state.hasPdfPreview\" hidden class=\"wp-block-file__embed\" style=\"width: 100%; height: 600px;\" data=\"https:\/\/memaliaj.gov.al\/wp-content\/uploads\/2025\/12\/Projekt-vendimet-e-mujit-Nentor-2025.pdf\" type=\"application\/pdf\" width=\"300\" height=\"150\" aria-label=\"Embed of Projekt vendimet e mujit Nentor 2025.\"><\/object><a id=\"wp-block-file--media-8d6c03dc-d3be-474f-b3ca-e69e9196ee02\" href=\"https:\/\/memaliaj.gov.al\/wp-content\/uploads\/2025\/12\/Projekt-vendimet-e-mujit-Nentor-2025.pdf\">Projekt vendimet e mujit Nentor 2025<\/a><a class=\"wp-block-file__button wp-element-button\" href=\"https:\/\/memaliaj.gov.al\/wp-content\/uploads\/2025\/12\/Projekt-vendimet-e-mujit-Nentor-2025.pdf\" download=\"\" aria-describedby=\"wp-block-file--media-8d6c03dc-d3be-474f-b3ca-e69e9196ee02\">Download<\/a><\/div>\r\n<p><\/p>\r\n<p>&nbsp;<\/p>\r\n<p><\/p>\r\n<div data-wp-interactive=\"core\/file\" class=\"wp-block-file\"><object data-wp-bind--hidden=\"!state.hasPdfPreview\" hidden class=\"wp-block-file__embed\" style=\"width: 100%; height: 600px;\" data=\"https:\/\/memaliaj.gov.al\/wp-content\/uploads\/2025\/12\/Projekt-vendim.-Per-miratimin-e-buxhetit-per-vitin-2026-1-1.pdf\" type=\"application\/pdf\" width=\"300\" height=\"150\" aria-label=\"Embed of Projekt vendim. P\u00ebr miratimin e buxhetit p\u00ebr vitin 2026-1.\"><\/object><a id=\"wp-block-file--media-dca2d3cd-68dc-4b74-b1c8-a038f4e201b7\" href=\"https:\/\/memaliaj.gov.al\/wp-content\/uploads\/2025\/12\/Projekt-vendim.-Per-miratimin-e-buxhetit-per-vitin-2026-1-1.pdf\">Projekt vendim. P\u00ebr miratimin e buxhetit p\u00ebr vitin 2026-1<\/a><a class=\"wp-block-file__button wp-element-button\" href=\"https:\/\/memaliaj.gov.al\/wp-content\/uploads\/2025\/12\/Projekt-vendim.-Per-miratimin-e-buxhetit-per-vitin-2026-1-1.pdf\" download=\"\" aria-describedby=\"wp-block-file--media-dca2d3cd-68dc-4b74-b1c8-a038f4e201b7\">Download<\/a><\/div>\r\n<p><\/p>\r\n<p>&nbsp;<\/p>\r\n<p><\/p>\r\n<p><\/p>\r\n<p>[\/vc_column_text][\/vc_column][\/vc_row]","protected":false},"excerpt":{"rendered":"<p>[vc_row][vc_column][vc_column_text] &nbsp; &nbsp; Projekt vendimet e muajit Prill 2026 Projekt vendimet e muajit Mars Vendimi p\u00ebr miratimin e rendit t\u00eb dit\u00ebs p\u00ebr dat\u00ebn 30 mars 2026 Projekt vendimet e muajit Shkurt 2026 Projekt vendim \u201cP\u00ebr miratimin e pages\u00ebs mujore t\u00eb faturave t\u00eb energjis\u00eb elektrike dhe ujit p\u00ebr Znj. Ylema Dulaj\u201d. Projekt vendim \u201cP\u00ebr dh\u00ebnien e [&hellip;]<\/p>\n","protected":false},"author":1,"featured_media":0,"parent":0,"menu_order":0,"comment_status":"closed","ping_status":"closed","template":"page-templates\/not-boxed.php","meta":{"footnotes":""},"class_list":["post-2686","page","type-page","status-publish","hentry"],"_links":{"self":[{"href":"https:\/\/memaliaj.gov.al\/index.php?rest_route=\/wp\/v2\/pages\/2686","targetHints":{"allow":["GET"]}}],"collection":[{"href":"https:\/\/memaliaj.gov.al\/index.php?rest_route=\/wp\/v2\/pages"}],"about":[{"href":"https:\/\/memaliaj.gov.al\/index.php?rest_route=\/wp\/v2\/types\/page"}],"author":[{"embeddable":true,"href":"https:\/\/memaliaj.gov.al\/index.php?rest_route=\/wp\/v2\/users\/1"}],"replies":[{"embeddable":true,"href":"https:\/\/memaliaj.gov.al\/index.php?rest_route=%2Fwp%2Fv2%2Fcomments&post=2686"}],"version-history":[{"count":62,"href":"https:\/\/memaliaj.gov.al\/index.php?rest_route=\/wp\/v2\/pages\/2686\/revisions"}],"predecessor-version":[{"id":3729,"href":"https:\/\/memaliaj.gov.al\/index.php?rest_route=\/wp\/v2\/pages\/2686\/revisions\/3729"}],"wp:attachment":[{"href":"https:\/\/memaliaj.gov.al\/index.php?rest_route=%2Fwp%2Fv2%2Fmedia&parent=2686"}],"curies":[{"name":"wp","href":"https:\/\/api.w.org\/{rel}","templated":true}]}}