{"id":2952,"date":"2021-12-15T11:20:54","date_gmt":"2021-12-15T10:20:54","guid":{"rendered":"http:\/\/www.shijak.gov.al\/?page_id=2943"},"modified":"2022-04-12T17:36:03","modified_gmt":"2022-04-12T17:36:03","slug":"konferenca-e-kryetareve","status":"publish","type":"page","link":"https:\/\/memaliaj.gov.al\/?page_id=2952","title":{"rendered":"Konferenca e Kryetareve"},"content":{"rendered":"<p>Konferenca e Kryetar\u00ebve \u00ebsht\u00eb organ k\u00ebshillimor dhe p\u00ebrb\u00ebhet nga kryetari dhe z\u00ebvend\u00ebskryetari i k\u00ebshillit, kryetar\u00ebt e grupeve t\u00eb k\u00ebshilltar\u00ebve, dhe kryetar\u00ebt e komisioneve t\u00eb p\u00ebrhersh\u00ebm, dhe drejtohet nga Kryetari i K\u00ebshillit.<\/p>\n<p>N\u00eb Konferenc\u00ebn e Kryetar\u00ebve mund t\u00eb ftohet t\u00eb marr\u00eb pjes\u00eb edhe Kryetari i Bashkis\u00eb.<\/p>\n<p>Konferenca e Kryetar\u00ebve diskuton dhe miraton propozimet e Kryetarit t\u00eb K\u00ebshillit p\u00ebr programin e pun\u00ebs, kalendarin vjetor t\u00eb punimeve t\u00eb K\u00ebshillit dhe t\u00eb komisioneve t\u00eb tij, buxhetin, planin vjetor t\u00eb vendimmarrjes s\u00eb k\u00ebshillit, si dhe p\u00ebr \u00e7\u00ebshtje t\u00eb zhvillimit t\u00eb mbledhjeve t\u00eb k\u00ebshillit, p\u00ebr nj\u00eb periudh\u00eb nj\u00eb vje\u00e7are, mbi baz\u00ebn e propozimeve t\u00eb kryetarit t\u00eb k\u00ebshillit, dhe kur kjo nuk realizohet, kryetari i k\u00ebshillit i paraqet propozimet n\u00eb mbledhjen e k\u00ebshillit p\u00ebr shqyrtim e miratim, n\u00eb p\u00ebrputhje me rregulloren e k\u00ebshillit.<\/p>\n<p>Propozimet mund t\u00eb vijn\u00eb me shkrim edhe nga Kryetari i Bashkis\u00eb, Kryesuesit e\u00a0Grupeve t\u00eb K\u00ebshilltar\u00ebve, Kryetar\u00ebt e Komisioneve t\u00eb K\u00ebshillit, t\u00eb p\u00ebrfaq\u00ebsuesve t\u00eb grupeve t\u00eb interesit, kryetar\u00ebve t\u00eb fshatrave dhe nd\u00ebrmjet\u00ebsve t\u00eb k\u00ebshillave komunitar\u00eb, deputet\u00ebt, kryesuesit e organeve t\u00eb tjera qeveritare.<\/p>\n<p>Konferenca e kryetar\u00ebve mblidhet nga kryetari i k\u00ebshillit, n\u00eb raste kur k\u00ebrkohet konsensus i k\u00ebshilltar\u00ebve p\u00ebr marrjen e nj\u00eb veprimi t\u00eb K\u00ebshillit apo n\u00eb rast konfliktesh dhe mosmarr\u00ebveshjesh mes k\u00ebshilltar\u00ebve.<\/p>\n<p>Konferenca thirret nga Kryetari i K\u00ebshillit ose me k\u00ebrkes\u00ebn e nj\u00eb grupi k\u00ebshilltar\u00ebsh.<\/p>\n<p>Konferenca e Kryetareve (<span style=\"color: #ff6600;\">kliko per dokumentin<\/span>)<\/p>\n","protected":false},"excerpt":{"rendered":"<p>Konferenca e Kryetar\u00ebve \u00ebsht\u00eb organ k\u00ebshillimor dhe p\u00ebrb\u00ebhet nga kryetari dhe z\u00ebvend\u00ebskryetari i k\u00ebshillit, kryetar\u00ebt e grupeve t\u00eb k\u00ebshilltar\u00ebve, dhe kryetar\u00ebt e komisioneve t\u00eb p\u00ebrhersh\u00ebm, dhe drejtohet nga Kryetari i K\u00ebshillit. N\u00eb Konferenc\u00ebn e Kryetar\u00ebve mund t\u00eb ftohet t\u00eb marr\u00eb pjes\u00eb edhe Kryetari i Bashkis\u00eb. Konferenca e Kryetar\u00ebve diskuton dhe miraton propozimet e Kryetarit t\u00eb [&hellip;]<\/p>\n","protected":false},"author":1,"featured_media":0,"parent":0,"menu_order":0,"comment_status":"closed","ping_status":"closed","template":"","meta":{"footnotes":""},"class_list":["post-2952","page","type-page","status-publish","hentry"],"_links":{"self":[{"href":"https:\/\/memaliaj.gov.al\/index.php?rest_route=\/wp\/v2\/pages\/2952","targetHints":{"allow":["GET"]}}],"collection":[{"href":"https:\/\/memaliaj.gov.al\/index.php?rest_route=\/wp\/v2\/pages"}],"about":[{"href":"https:\/\/memaliaj.gov.al\/index.php?rest_route=\/wp\/v2\/types\/page"}],"author":[{"embeddable":true,"href":"https:\/\/memaliaj.gov.al\/index.php?rest_route=\/wp\/v2\/users\/1"}],"replies":[{"embeddable":true,"href":"https:\/\/memaliaj.gov.al\/index.php?rest_route=%2Fwp%2Fv2%2Fcomments&post=2952"}],"version-history":[{"count":1,"href":"https:\/\/memaliaj.gov.al\/index.php?rest_route=\/wp\/v2\/pages\/2952\/revisions"}],"predecessor-version":[{"id":3180,"href":"https:\/\/memaliaj.gov.al\/index.php?rest_route=\/wp\/v2\/pages\/2952\/revisions\/3180"}],"wp:attachment":[{"href":"https:\/\/memaliaj.gov.al\/index.php?rest_route=%2Fwp%2Fv2%2Fmedia&parent=2952"}],"curies":[{"name":"wp","href":"https:\/\/api.w.org\/{rel}","templated":true}]}}